{"id":35,"date":"2015-01-20T12:46:16","date_gmt":"2015-01-20T12:46:16","guid":{"rendered":"http:\/\/conservatoriodemusicadeolhao.com\/?page_id=35"},"modified":"2024-04-10T21:28:02","modified_gmt":"2024-04-10T21:28:02","slug":"documentos","status":"publish","type":"page","link":"https:\/\/www.conservatoriodemusicadeolhao.com\/?page_id=35","title":{"rendered":"Documentos"},"content":{"rendered":"\r\n<h1>COMUNICADO- Restri\u00e7\u00e3o ao uso de telem\u00f3veis<\/h1>\r\n<h4><a href=\"https:\/\/www.conservatoriodemusicadeolhao.com\/wp-content\/uploads\/2024\/03\/Edital-10.pdf\">Edital 10<\/a><\/h4>\r\n<p>&nbsp;<\/p>\r\n\r\n\r\n\r\n\r\n\r\n<h3><strong>Legisla\u00e7\u00e3o de refer\u00eancia:<\/strong><\/h3>\r\n<p><a href=\"https:\/\/www.conservatoriodemusicadeolhao.com\/wp-content\/uploads\/2018\/09\/DL-55-2018_regime-geral.pdf\">DL 55\/2018 de 6 de julho\u00a0&#8211; estabelece o curr\u00edculo dos ensinos b\u00e1sico e secund\u00e1rio<\/a><\/p>\r\n<p><a href=\"https:\/\/www.conservatoriodemusicadeolhao.com\/wp-content\/uploads\/2018\/09\/Portaria-223_A-de-2018-_substitui-225.pdf\">Portaria 223A \/ 2018\u00a0<\/a>\u00a0,de 3 gosto-Regula o\u00a0<strong>Ensino B\u00e1sico<\/strong>\u00a0em regime Articulado e Supletivo<\/p>\r\n<p><a href=\"https:\/\/www.conservatoriodemusicadeolhao.com\/wp-content\/uploads\/2022\/05\/Portaria-n.o-652022-de-1-de-fevereiro_1a-Alteracao-portaria-223-A.pdf\">Portaria n.\u00ba 65 2022 de 1 de fevereiro_1\u00aa Altera\u00e7\u00e3o portaria 223-A<\/a><\/p>\r\n<p><a href=\"https:\/\/www.conservatoriodemusicadeolhao.com\/wp-content\/uploads\/2018\/09\/Portaria-229-A-2018-Secunda\u0301rio-Danc\u0327a-Mu\u0301sic_subst-243b.pdf\">Portaria 229A\/2018 , de 14 agosto &#8211; Regula o\u00a0<strong>Ensino Secund\u00e1rio <\/strong>em regime Articulado e Supletivo<\/a><\/p>\r\n<p><a href=\"http:\/\/conservatoriodaguarda.org\/wp-content\/uploads\/2012\/02\/Estatuto-do-Aluno-2012.pdf\">Decreto Lei n.\u00ba51\/2012<\/a>, de 5 de Setembro \u2013\u00a0<strong>Estatuto do aluno<\/strong><\/p>\r\n<p><a href=\"http:\/\/file:\/\/\/C:\/Users\/Vista\/Downloads\/i011658.pdf\">Portaria n.\u00ba 224-A\/2015 de 29 de julho<\/a>\u00a0&#8211;\u00a0define o regime de concess\u00e3o do apoio financeiro por parte do Estado, atrav\u00e9s do Minist\u00e9rio da Educa\u00e7\u00e3o e Ci\u00eancia (MEC), \u00e0s entidades propriet\u00e1rias de estabelecimentos de ensino art\u00edstico especializado de m\u00fasica, dan\u00e7a e artes visuais e audiovisuais da rede do ensino particular e cooperativo para frequ\u00eancia dos cursos de inicia\u00e7\u00e3o, dos cursos de n\u00edveis b\u00e1sico e secund\u00e1rio de m\u00fasica e dan\u00e7a e dos cursos de n\u00edvel secund\u00e1rio de artes visuais e audiovisuais para o tri\u00e9nio 2015-18<\/p>\r\n<p><a href=\"https:\/\/files.diariodarepublica.pt\/1s\/2018\/05\/09400\/0217802187.pdf\">Portaria 140\/2018 de 16 maio<\/a> &#8211; A presente portaria procede \u00e0 primeira altera\u00e7\u00e3o da <a title=\"Portaria n.\u00ba 224-A\/2015\" href=\"https:\/\/diariodarepublica.pt\/dre\/detalhe\/portaria\/224-a-2015-69905674\" target=\"_blank\" rel=\"nofollow noopener noreferrer\">Portaria n.\u00ba 224-A\/2015<\/a>, de 29 de julho, que define o regime de concess\u00e3o do apoio financeiro por parte do Estado, \u00e0s entidades titulares de autoriza\u00e7\u00e3o de funcionamento de estabelecimentos de ensino art\u00edstico especializado de m\u00fasica, dan\u00e7a e artes visuais e audiovisuais da rede do ensino particular e cooperativo para frequ\u00eancia das inicia\u00e7\u00f5es em dan\u00e7a e em m\u00fasica, dos cursos de n\u00edveis b\u00e1sico e secund\u00e1rio de dan\u00e7a e m\u00fasica dos cursos de n\u00edvel secund\u00e1rio de artes visuais e audiovisuais.<\/p>\r\n<p><a href=\"http:\/\/www.consumidor.pt\/\">Portal do Consumidor<\/a><\/p>\r\n<p><a href=\"https:\/\/www.conservatoriodemusicadeolhao.com\/wp-content\/uploads\/2015\/01\/SCAN0002.jpg\"><img loading=\"lazy\" decoding=\"async\" class=\"alignleft size-large wp-image-503\" src=\"https:\/\/www.conservatoriodemusicadeolhao.com\/wp-content\/uploads\/2015\/01\/SCAN0002-1024x517.jpg\" alt=\"SCAN0002\" width=\"500\" height=\"252\" srcset=\"https:\/\/www.conservatoriodemusicadeolhao.com\/wp-content\/uploads\/2015\/01\/SCAN0002-1024x517.jpg 1024w, https:\/\/www.conservatoriodemusicadeolhao.com\/wp-content\/uploads\/2015\/01\/SCAN0002-300x152.jpg 300w, https:\/\/www.conservatoriodemusicadeolhao.com\/wp-content\/uploads\/2015\/01\/SCAN0002.jpg 1600w\" sizes=\"auto, (max-width: 500px) 100vw, 500px\" \/><\/a><\/p>\r\n<p>&nbsp;<\/p>\r\n<p>&nbsp;<\/p>\r\n<p>&nbsp;<\/p>\r\n<p>&nbsp;<\/p>\r\n<p>&nbsp;<\/p>\r\n<p>&nbsp;<\/p>\r\n<p><a href=\"https:\/\/www.conservatoriodemusicadeolhao.com\/wp-content\/uploads\/2015\/01\/RESOLU\u00c7AO_ALTERNATIVA_LITIGIOS_LEI-N\u00ba-144-2015.pdf\">RESOLU\u00c7AO_ALTERNATIVA_LITIGIOS_LEI N\u00ba 144 2015<\/a><\/p>\r\n<p><a href=\"http:\/\/www.consumoalgarve.pt\">www.consumoalgarve.pt<\/a> &#8211; Centro de Arbitragem de Consumo do Algarve<\/p>\r\n<p><a href=\"https:\/\/www.livroreclamacoes.pt\/\">https:\/\/www.livroreclamacoes.pt\/<\/a>\u00a0 &#8211; Livro de Reclama\u00e7\u00f5es e Elogios em Formato Eletr\u00f3nico<\/p>\r\n<p>&nbsp;<\/p>\r\n\r\n<p>&nbsp;<\/p>\r\n","protected":false},"excerpt":{"rendered":"<p>COMUNICADO- Restri\u00e7\u00e3o ao uso de telem\u00f3veis Edital 10 &nbsp; Legisla\u00e7\u00e3o de refer\u00eancia: DL 55\/2018 de 6 de julho\u00a0&#8211; estabelece o curr\u00edculo dos ensinos b\u00e1sico e secund\u00e1rio Portaria 223A \/ 2018\u00a0\u00a0,de [&hellip;]<\/p>\n","protected":false},"author":1,"featured_media":0,"parent":0,"menu_order":0,"comment_status":"closed","ping_status":"closed","template":"","meta":{"footnotes":""},"class_list":["post-35","page","type-page","status-publish","hentry"],"_links":{"self":[{"href":"https:\/\/www.conservatoriodemusicadeolhao.com\/index.php?rest_route=\/wp\/v2\/pages\/35","targetHints":{"allow":["GET"]}}],"collection":[{"href":"https:\/\/www.conservatoriodemusicadeolhao.com\/index.php?rest_route=\/wp\/v2\/pages"}],"about":[{"href":"https:\/\/www.conservatoriodemusicadeolhao.com\/index.php?rest_route=\/wp\/v2\/types\/page"}],"author":[{"embeddable":true,"href":"https:\/\/www.conservatoriodemusicadeolhao.com\/index.php?rest_route=\/wp\/v2\/users\/1"}],"replies":[{"embeddable":true,"href":"https:\/\/www.conservatoriodemusicadeolhao.com\/index.php?rest_route=%2Fwp%2Fv2%2Fcomments&post=35"}],"version-history":[{"count":110,"href":"https:\/\/www.conservatoriodemusicadeolhao.com\/index.php?rest_route=\/wp\/v2\/pages\/35\/revisions"}],"predecessor-version":[{"id":2381,"href":"https:\/\/www.conservatoriodemusicadeolhao.com\/index.php?rest_route=\/wp\/v2\/pages\/35\/revisions\/2381"}],"wp:attachment":[{"href":"https:\/\/www.conservatoriodemusicadeolhao.com\/index.php?rest_route=%2Fwp%2Fv2%2Fmedia&parent=35"}],"curies":[{"name":"wp","href":"https:\/\/api.w.org\/{rel}","templated":true}]}}